{"id":290,"date":"2018-11-11T10:02:26","date_gmt":"2018-11-11T09:02:26","guid":{"rendered":"https:\/\/carreau-mayence.de\/?page_id=290"},"modified":"2023-07-12T17:21:50","modified_gmt":"2023-07-12T15:21:50","slug":"galerie-des-pccm","status":"publish","type":"page","link":"https:\/\/carreau-mayence.de\/?page_id=290","title":{"rendered":"Galerie"},"content":{"rendered":"\n<h3 class=\"wp-block-heading\">08.07.2023 letzter Ligatag von PCCM 2 im Volkspark<\/h3>\n\n\n\n<figure class=\"wp-block-gallery has-nested-images columns-default is-cropped wp-block-gallery-1 is-layout-flex wp-block-gallery-is-layout-flex\">\n<figure class=\"wp-block-image size-large\"><img loading=\"lazy\" decoding=\"async\" width=\"1024\" height=\"576\" data-id=\"2904\" src=\"https:\/\/carreau-mayence.de\/wp-content\/uploads\/2023\/07\/IMG-20230709-WA0043-1024x576.jpg\" alt=\"\" class=\"wp-image-2904\" srcset=\"https:\/\/carreau-mayence.de\/wp-content\/uploads\/2023\/07\/IMG-20230709-WA0043-1024x576.jpg 1024w, https:\/\/carreau-mayence.de\/wp-content\/uploads\/2023\/07\/IMG-20230709-WA0043-300x169.jpg 300w, https:\/\/carreau-mayence.de\/wp-content\/uploads\/2023\/07\/IMG-20230709-WA0043-170x96.jpg 170w, https:\/\/carreau-mayence.de\/wp-content\/uploads\/2023\/07\/IMG-20230709-WA0043-768x432.jpg 768w, https:\/\/carreau-mayence.de\/wp-content\/uploads\/2023\/07\/IMG-20230709-WA0043-1536x864.jpg 1536w, https:\/\/carreau-mayence.de\/wp-content\/uploads\/2023\/07\/IMG-20230709-WA0043-1140x641.jpg 1140w, https:\/\/carreau-mayence.de\/wp-content\/uploads\/2023\/07\/IMG-20230709-WA0043-540x304.jpg 540w, https:\/\/carreau-mayence.de\/wp-content\/uploads\/2023\/07\/IMG-20230709-WA0043.jpg 2016w\" sizes=\"auto, (max-width: 1024px) 100vw, 1024px\" \/><\/figure>\n\n\n\n<figure class=\"wp-block-image size-large\"><img loading=\"lazy\" decoding=\"async\" width=\"1024\" height=\"576\" data-id=\"2905\" src=\"https:\/\/carreau-mayence.de\/wp-content\/uploads\/2023\/07\/IMG-20230709-WA0044-1024x576.jpg\" alt=\"\" class=\"wp-image-2905\" srcset=\"https:\/\/carreau-mayence.de\/wp-content\/uploads\/2023\/07\/IMG-20230709-WA0044-1024x576.jpg 1024w, https:\/\/carreau-mayence.de\/wp-content\/uploads\/2023\/07\/IMG-20230709-WA0044-300x169.jpg 300w, https:\/\/carreau-mayence.de\/wp-content\/uploads\/2023\/07\/IMG-20230709-WA0044-170x96.jpg 170w, https:\/\/carreau-mayence.de\/wp-content\/uploads\/2023\/07\/IMG-20230709-WA0044-768x432.jpg 768w, https:\/\/carreau-mayence.de\/wp-content\/uploads\/2023\/07\/IMG-20230709-WA0044-1536x864.jpg 1536w, https:\/\/carreau-mayence.de\/wp-content\/uploads\/2023\/07\/IMG-20230709-WA0044-1140x641.jpg 1140w, https:\/\/carreau-mayence.de\/wp-content\/uploads\/2023\/07\/IMG-20230709-WA0044-540x304.jpg 540w, https:\/\/carreau-mayence.de\/wp-content\/uploads\/2023\/07\/IMG-20230709-WA0044.jpg 2016w\" sizes=\"auto, (max-width: 1024px) 100vw, 1024px\" \/><\/figure>\n\n\n\n<figure class=\"wp-block-image size-large\"><img loading=\"lazy\" decoding=\"async\" width=\"1024\" height=\"768\" data-id=\"2864\" src=\"https:\/\/carreau-mayence.de\/wp-content\/uploads\/2023\/07\/IMG-20230708-WA0008.jpg\" alt=\"\" class=\"wp-image-2864\" srcset=\"https:\/\/carreau-mayence.de\/wp-content\/uploads\/2023\/07\/IMG-20230708-WA0008.jpg 1024w, https:\/\/carreau-mayence.de\/wp-content\/uploads\/2023\/07\/IMG-20230708-WA0008-300x225.jpg 300w, https:\/\/carreau-mayence.de\/wp-content\/uploads\/2023\/07\/IMG-20230708-WA0008-170x128.jpg 170w, https:\/\/carreau-mayence.de\/wp-content\/uploads\/2023\/07\/IMG-20230708-WA0008-768x576.jpg 768w, https:\/\/carreau-mayence.de\/wp-content\/uploads\/2023\/07\/IMG-20230708-WA0008-120x90.jpg 120w\" sizes=\"auto, (max-width: 1024px) 100vw, 1024px\" \/><\/figure>\n\n\n\n<figure class=\"wp-block-image size-large\"><img loading=\"lazy\" decoding=\"async\" width=\"1024\" height=\"768\" data-id=\"2865\" src=\"https:\/\/carreau-mayence.de\/wp-content\/uploads\/2023\/07\/IMG-20230708-WA0009.jpg\" alt=\"\" class=\"wp-image-2865\" srcset=\"https:\/\/carreau-mayence.de\/wp-content\/uploads\/2023\/07\/IMG-20230708-WA0009.jpg 1024w, https:\/\/carreau-mayence.de\/wp-content\/uploads\/2023\/07\/IMG-20230708-WA0009-300x225.jpg 300w, https:\/\/carreau-mayence.de\/wp-content\/uploads\/2023\/07\/IMG-20230708-WA0009-170x128.jpg 170w, https:\/\/carreau-mayence.de\/wp-content\/uploads\/2023\/07\/IMG-20230708-WA0009-768x576.jpg 768w, https:\/\/carreau-mayence.de\/wp-content\/uploads\/2023\/07\/IMG-20230708-WA0009-120x90.jpg 120w\" sizes=\"auto, (max-width: 1024px) 100vw, 1024px\" \/><\/figure>\n\n\n\n<figure class=\"wp-block-image size-large\"><img loading=\"lazy\" decoding=\"async\" width=\"1024\" height=\"768\" data-id=\"2862\" src=\"https:\/\/carreau-mayence.de\/wp-content\/uploads\/2023\/07\/IMG-20230708-WA0006.jpg\" alt=\"\" class=\"wp-image-2862\" srcset=\"https:\/\/carreau-mayence.de\/wp-content\/uploads\/2023\/07\/IMG-20230708-WA0006.jpg 1024w, https:\/\/carreau-mayence.de\/wp-content\/uploads\/2023\/07\/IMG-20230708-WA0006-300x225.jpg 300w, https:\/\/carreau-mayence.de\/wp-content\/uploads\/2023\/07\/IMG-20230708-WA0006-170x128.jpg 170w, https:\/\/carreau-mayence.de\/wp-content\/uploads\/2023\/07\/IMG-20230708-WA0006-768x576.jpg 768w, https:\/\/carreau-mayence.de\/wp-content\/uploads\/2023\/07\/IMG-20230708-WA0006-120x90.jpg 120w\" sizes=\"auto, (max-width: 1024px) 100vw, 1024px\" \/><\/figure>\n\n\n\n<figure class=\"wp-block-image size-large\"><img loading=\"lazy\" decoding=\"async\" width=\"1024\" height=\"768\" data-id=\"2866\" src=\"https:\/\/carreau-mayence.de\/wp-content\/uploads\/2023\/07\/IMG-20230708-WA0010.jpg\" alt=\"\" class=\"wp-image-2866\" srcset=\"https:\/\/carreau-mayence.de\/wp-content\/uploads\/2023\/07\/IMG-20230708-WA0010.jpg 1024w, https:\/\/carreau-mayence.de\/wp-content\/uploads\/2023\/07\/IMG-20230708-WA0010-300x225.jpg 300w, https:\/\/carreau-mayence.de\/wp-content\/uploads\/2023\/07\/IMG-20230708-WA0010-170x128.jpg 170w, https:\/\/carreau-mayence.de\/wp-content\/uploads\/2023\/07\/IMG-20230708-WA0010-768x576.jpg 768w, https:\/\/carreau-mayence.de\/wp-content\/uploads\/2023\/07\/IMG-20230708-WA0010-120x90.jpg 120w\" sizes=\"auto, (max-width: 1024px) 100vw, 1024px\" \/><\/figure>\n\n\n\n<figure class=\"wp-block-image size-large\"><img loading=\"lazy\" decoding=\"async\" width=\"1024\" height=\"768\" data-id=\"2870\" src=\"https:\/\/carreau-mayence.de\/wp-content\/uploads\/2023\/07\/IMG-20230708-WA0014.jpg\" alt=\"\" class=\"wp-image-2870\" srcset=\"https:\/\/carreau-mayence.de\/wp-content\/uploads\/2023\/07\/IMG-20230708-WA0014.jpg 1024w, https:\/\/carreau-mayence.de\/wp-content\/uploads\/2023\/07\/IMG-20230708-WA0014-300x225.jpg 300w, https:\/\/carreau-mayence.de\/wp-content\/uploads\/2023\/07\/IMG-20230708-WA0014-170x128.jpg 170w, https:\/\/carreau-mayence.de\/wp-content\/uploads\/2023\/07\/IMG-20230708-WA0014-768x576.jpg 768w, https:\/\/carreau-mayence.de\/wp-content\/uploads\/2023\/07\/IMG-20230708-WA0014-120x90.jpg 120w\" sizes=\"auto, (max-width: 1024px) 100vw, 1024px\" \/><\/figure>\n\n\n\n<figure class=\"wp-block-image size-large\"><img loading=\"lazy\" decoding=\"async\" width=\"1024\" height=\"768\" data-id=\"2872\" src=\"https:\/\/carreau-mayence.de\/wp-content\/uploads\/2023\/07\/IMG-20230708-WA0016.jpg\" alt=\"\" class=\"wp-image-2872\" srcset=\"https:\/\/carreau-mayence.de\/wp-content\/uploads\/2023\/07\/IMG-20230708-WA0016.jpg 1024w, https:\/\/carreau-mayence.de\/wp-content\/uploads\/2023\/07\/IMG-20230708-WA0016-300x225.jpg 300w, https:\/\/carreau-mayence.de\/wp-content\/uploads\/2023\/07\/IMG-20230708-WA0016-170x128.jpg 170w, https:\/\/carreau-mayence.de\/wp-content\/uploads\/2023\/07\/IMG-20230708-WA0016-768x576.jpg 768w, https:\/\/carreau-mayence.de\/wp-content\/uploads\/2023\/07\/IMG-20230708-WA0016-120x90.jpg 120w\" sizes=\"auto, (max-width: 1024px) 100vw, 1024px\" \/><\/figure>\n\n\n\n<figure class=\"wp-block-image size-large\"><img loading=\"lazy\" decoding=\"async\" width=\"1024\" height=\"768\" data-id=\"2873\" src=\"https:\/\/carreau-mayence.de\/wp-content\/uploads\/2023\/07\/IMG-20230708-WA0017.jpg\" alt=\"\" class=\"wp-image-2873\" srcset=\"https:\/\/carreau-mayence.de\/wp-content\/uploads\/2023\/07\/IMG-20230708-WA0017.jpg 1024w, https:\/\/carreau-mayence.de\/wp-content\/uploads\/2023\/07\/IMG-20230708-WA0017-300x225.jpg 300w, https:\/\/carreau-mayence.de\/wp-content\/uploads\/2023\/07\/IMG-20230708-WA0017-170x128.jpg 170w, https:\/\/carreau-mayence.de\/wp-content\/uploads\/2023\/07\/IMG-20230708-WA0017-768x576.jpg 768w, https:\/\/carreau-mayence.de\/wp-content\/uploads\/2023\/07\/IMG-20230708-WA0017-120x90.jpg 120w\" sizes=\"auto, (max-width: 1024px) 100vw, 1024px\" \/><\/figure>\n\n\n\n<figure class=\"wp-block-image size-large\"><img loading=\"lazy\" decoding=\"async\" width=\"1024\" height=\"1365\" data-id=\"2898\" src=\"https:\/\/carreau-mayence.de\/wp-content\/uploads\/2023\/07\/IMG-20230709-WA0034-1024x1365.jpg\" alt=\"\" class=\"wp-image-2898\" srcset=\"https:\/\/carreau-mayence.de\/wp-content\/uploads\/2023\/07\/IMG-20230709-WA0034-1024x1365.jpg 1024w, https:\/\/carreau-mayence.de\/wp-content\/uploads\/2023\/07\/IMG-20230709-WA0034-300x400.jpg 300w, https:\/\/carreau-mayence.de\/wp-content\/uploads\/2023\/07\/IMG-20230709-WA0034-170x227.jpg 170w, https:\/\/carreau-mayence.de\/wp-content\/uploads\/2023\/07\/IMG-20230709-WA0034-768x1024.jpg 768w, https:\/\/carreau-mayence.de\/wp-content\/uploads\/2023\/07\/IMG-20230709-WA0034-1152x1536.jpg 1152w, https:\/\/carreau-mayence.de\/wp-content\/uploads\/2023\/07\/IMG-20230709-WA0034.jpg 1500w\" sizes=\"auto, (max-width: 1024px) 100vw, 1024px\" \/><\/figure>\n\n\n\n<figure class=\"wp-block-image size-large\"><img loading=\"lazy\" decoding=\"async\" width=\"1024\" height=\"1365\" data-id=\"2901\" src=\"https:\/\/carreau-mayence.de\/wp-content\/uploads\/2023\/07\/IMG-20230709-WA0037-1024x1365.jpg\" alt=\"\" class=\"wp-image-2901\" srcset=\"https:\/\/carreau-mayence.de\/wp-content\/uploads\/2023\/07\/IMG-20230709-WA0037-1024x1365.jpg 1024w, https:\/\/carreau-mayence.de\/wp-content\/uploads\/2023\/07\/IMG-20230709-WA0037-300x400.jpg 300w, https:\/\/carreau-mayence.de\/wp-content\/uploads\/2023\/07\/IMG-20230709-WA0037-170x227.jpg 170w, https:\/\/carreau-mayence.de\/wp-content\/uploads\/2023\/07\/IMG-20230709-WA0037-768x1024.jpg 768w, https:\/\/carreau-mayence.de\/wp-content\/uploads\/2023\/07\/IMG-20230709-WA0037-1152x1536.jpg 1152w, https:\/\/carreau-mayence.de\/wp-content\/uploads\/2023\/07\/IMG-20230709-WA0037.jpg 1500w\" sizes=\"auto, (max-width: 1024px) 100vw, 1024px\" \/><\/figure>\n\n\n\n<figure class=\"wp-block-image size-large\"><img loading=\"lazy\" decoding=\"async\" width=\"1024\" height=\"768\" data-id=\"2876\" src=\"https:\/\/carreau-mayence.de\/wp-content\/uploads\/2023\/07\/IMG-20230709-WA0008-1.jpg\" alt=\"\" class=\"wp-image-2876\" srcset=\"https:\/\/carreau-mayence.de\/wp-content\/uploads\/2023\/07\/IMG-20230709-WA0008-1.jpg 1024w, https:\/\/carreau-mayence.de\/wp-content\/uploads\/2023\/07\/IMG-20230709-WA0008-1-300x225.jpg 300w, https:\/\/carreau-mayence.de\/wp-content\/uploads\/2023\/07\/IMG-20230709-WA0008-1-170x128.jpg 170w, https:\/\/carreau-mayence.de\/wp-content\/uploads\/2023\/07\/IMG-20230709-WA0008-1-768x576.jpg 768w, https:\/\/carreau-mayence.de\/wp-content\/uploads\/2023\/07\/IMG-20230709-WA0008-1-120x90.jpg 120w\" sizes=\"auto, (max-width: 1024px) 100vw, 1024px\" \/><\/figure>\n\n\n\n<figure class=\"wp-block-image size-large\"><img loading=\"lazy\" decoding=\"async\" width=\"1024\" height=\"768\" data-id=\"2863\" src=\"https:\/\/carreau-mayence.de\/wp-content\/uploads\/2023\/07\/IMG-20230708-WA0007.jpg\" alt=\"\" class=\"wp-image-2863\" srcset=\"https:\/\/carreau-mayence.de\/wp-content\/uploads\/2023\/07\/IMG-20230708-WA0007.jpg 1024w, https:\/\/carreau-mayence.de\/wp-content\/uploads\/2023\/07\/IMG-20230708-WA0007-300x225.jpg 300w, https:\/\/carreau-mayence.de\/wp-content\/uploads\/2023\/07\/IMG-20230708-WA0007-170x128.jpg 170w, https:\/\/carreau-mayence.de\/wp-content\/uploads\/2023\/07\/IMG-20230708-WA0007-768x576.jpg 768w, https:\/\/carreau-mayence.de\/wp-content\/uploads\/2023\/07\/IMG-20230708-WA0007-120x90.jpg 120w\" sizes=\"auto, (max-width: 1024px) 100vw, 1024px\" \/><\/figure>\n\n\n\n<figure class=\"wp-block-image size-large\"><img loading=\"lazy\" decoding=\"async\" width=\"1024\" height=\"768\" data-id=\"2871\" src=\"https:\/\/carreau-mayence.de\/wp-content\/uploads\/2023\/07\/IMG-20230708-WA0015.jpg\" alt=\"\" class=\"wp-image-2871\" srcset=\"https:\/\/carreau-mayence.de\/wp-content\/uploads\/2023\/07\/IMG-20230708-WA0015.jpg 1024w, https:\/\/carreau-mayence.de\/wp-content\/uploads\/2023\/07\/IMG-20230708-WA0015-300x225.jpg 300w, https:\/\/carreau-mayence.de\/wp-content\/uploads\/2023\/07\/IMG-20230708-WA0015-170x128.jpg 170w, https:\/\/carreau-mayence.de\/wp-content\/uploads\/2023\/07\/IMG-20230708-WA0015-768x576.jpg 768w, https:\/\/carreau-mayence.de\/wp-content\/uploads\/2023\/07\/IMG-20230708-WA0015-120x90.jpg 120w\" sizes=\"auto, (max-width: 1024px) 100vw, 1024px\" \/><\/figure>\n\n\n\n<figure class=\"wp-block-image size-large\"><img loading=\"lazy\" decoding=\"async\" width=\"1024\" height=\"461\" data-id=\"2882\" src=\"https:\/\/carreau-mayence.de\/wp-content\/uploads\/2023\/07\/IMG-20230709-WA0016-1024x461.jpg\" alt=\"\" class=\"wp-image-2882\" srcset=\"https:\/\/carreau-mayence.de\/wp-content\/uploads\/2023\/07\/IMG-20230709-WA0016-1024x461.jpg 1024w, https:\/\/carreau-mayence.de\/wp-content\/uploads\/2023\/07\/IMG-20230709-WA0016-300x135.jpg 300w, https:\/\/carreau-mayence.de\/wp-content\/uploads\/2023\/07\/IMG-20230709-WA0016-170x77.jpg 170w, https:\/\/carreau-mayence.de\/wp-content\/uploads\/2023\/07\/IMG-20230709-WA0016-768x346.jpg 768w, https:\/\/carreau-mayence.de\/wp-content\/uploads\/2023\/07\/IMG-20230709-WA0016-1536x691.jpg 1536w, https:\/\/carreau-mayence.de\/wp-content\/uploads\/2023\/07\/IMG-20230709-WA0016.jpg 2040w\" sizes=\"auto, (max-width: 1024px) 100vw, 1024px\" \/><\/figure>\n\n\n\n<figure class=\"wp-block-image size-large\"><img loading=\"lazy\" decoding=\"async\" width=\"1024\" height=\"1365\" data-id=\"2883\" src=\"https:\/\/carreau-mayence.de\/wp-content\/uploads\/2023\/07\/IMG-20230709-WA0019-1024x1365.jpg\" alt=\"\" class=\"wp-image-2883\" srcset=\"https:\/\/carreau-mayence.de\/wp-content\/uploads\/2023\/07\/IMG-20230709-WA0019-1024x1365.jpg 1024w, https:\/\/carreau-mayence.de\/wp-content\/uploads\/2023\/07\/IMG-20230709-WA0019-300x400.jpg 300w, https:\/\/carreau-mayence.de\/wp-content\/uploads\/2023\/07\/IMG-20230709-WA0019-170x227.jpg 170w, https:\/\/carreau-mayence.de\/wp-content\/uploads\/2023\/07\/IMG-20230709-WA0019-768x1024.jpg 768w, https:\/\/carreau-mayence.de\/wp-content\/uploads\/2023\/07\/IMG-20230709-WA0019-1152x1536.jpg 1152w, https:\/\/carreau-mayence.de\/wp-content\/uploads\/2023\/07\/IMG-20230709-WA0019.jpg 1500w\" sizes=\"auto, (max-width: 1024px) 100vw, 1024px\" \/><\/figure>\n\n\n\n<figure class=\"wp-block-image size-large\"><img loading=\"lazy\" decoding=\"async\" width=\"1024\" height=\"1365\" data-id=\"2885\" src=\"https:\/\/carreau-mayence.de\/wp-content\/uploads\/2023\/07\/IMG-20230709-WA0021-1024x1365.jpg\" alt=\"\" class=\"wp-image-2885\" srcset=\"https:\/\/carreau-mayence.de\/wp-content\/uploads\/2023\/07\/IMG-20230709-WA0021-1024x1365.jpg 1024w, https:\/\/carreau-mayence.de\/wp-content\/uploads\/2023\/07\/IMG-20230709-WA0021-300x400.jpg 300w, https:\/\/carreau-mayence.de\/wp-content\/uploads\/2023\/07\/IMG-20230709-WA0021-170x227.jpg 170w, https:\/\/carreau-mayence.de\/wp-content\/uploads\/2023\/07\/IMG-20230709-WA0021-768x1024.jpg 768w, https:\/\/carreau-mayence.de\/wp-content\/uploads\/2023\/07\/IMG-20230709-WA0021-1152x1536.jpg 1152w, https:\/\/carreau-mayence.de\/wp-content\/uploads\/2023\/07\/IMG-20230709-WA0021.jpg 1536w\" sizes=\"auto, (max-width: 1024px) 100vw, 1024px\" \/><\/figure>\n\n\n\n<figure class=\"wp-block-image size-large\"><img loading=\"lazy\" decoding=\"async\" width=\"1024\" height=\"1365\" data-id=\"2887\" src=\"https:\/\/carreau-mayence.de\/wp-content\/uploads\/2023\/07\/IMG-20230709-WA0023-1024x1365.jpg\" alt=\"\" class=\"wp-image-2887\" srcset=\"https:\/\/carreau-mayence.de\/wp-content\/uploads\/2023\/07\/IMG-20230709-WA0023-1024x1365.jpg 1024w, https:\/\/carreau-mayence.de\/wp-content\/uploads\/2023\/07\/IMG-20230709-WA0023-300x400.jpg 300w, https:\/\/carreau-mayence.de\/wp-content\/uploads\/2023\/07\/IMG-20230709-WA0023-170x227.jpg 170w, https:\/\/carreau-mayence.de\/wp-content\/uploads\/2023\/07\/IMG-20230709-WA0023-768x1024.jpg 768w, https:\/\/carreau-mayence.de\/wp-content\/uploads\/2023\/07\/IMG-20230709-WA0023-1152x1536.jpg 1152w, https:\/\/carreau-mayence.de\/wp-content\/uploads\/2023\/07\/IMG-20230709-WA0023.jpg 1500w\" sizes=\"auto, (max-width: 1024px) 100vw, 1024px\" \/><\/figure>\n\n\n\n<figure class=\"wp-block-image size-large\"><img loading=\"lazy\" decoding=\"async\" width=\"1024\" height=\"768\" data-id=\"2875\" src=\"https:\/\/carreau-mayence.de\/wp-content\/uploads\/2023\/07\/IMG-20230709-WA0007.jpg\" alt=\"\" class=\"wp-image-2875\" srcset=\"https:\/\/carreau-mayence.de\/wp-content\/uploads\/2023\/07\/IMG-20230709-WA0007.jpg 1024w, https:\/\/carreau-mayence.de\/wp-content\/uploads\/2023\/07\/IMG-20230709-WA0007-300x225.jpg 300w, https:\/\/carreau-mayence.de\/wp-content\/uploads\/2023\/07\/IMG-20230709-WA0007-170x128.jpg 170w, https:\/\/carreau-mayence.de\/wp-content\/uploads\/2023\/07\/IMG-20230709-WA0007-768x576.jpg 768w, https:\/\/carreau-mayence.de\/wp-content\/uploads\/2023\/07\/IMG-20230709-WA0007-120x90.jpg 120w\" sizes=\"auto, (max-width: 1024px) 100vw, 1024px\" \/><figcaption class=\"wp-element-caption\">Die Sieger: TuS 1953 S\u00f6rgenloch 1<br> mit Rheinland-Pfalz Vizepr\u00e4sident Axel Rau-Reisinger, rechts au\u00dfen<\/figcaption><\/figure>\n<\/figure>\n\n\n\n<h3 class=\"wp-block-heading\">Vereinsgeschichte in Bildern<\/h3>\n\n\n<p>Mit der Galerie soll unsere Vereinsgeschichte auch optisch dokumentiert werden. Deshalb werden nicht nur die neuen Fotos eingestellt: Eine Auswahl alter Galerie-Reihen, die nur zum Teil nach dem Homepage-Umzug 2018 wieder gefunden werden konnten, soll langsam aber sicher ebenfalls hier eingebaut werden.<\/p>\n<p>Bitte immer auf das Intro-Foto klicken, dann kommt ihr zu den Bildern.<\/p>\n<p><span style=\"color: #0000ff;\">(Wer der Ver\u00f6ffentlichung &#8222;seines&#8220; Bildes nicht zustimmt, meldet dies bitte \u00fcber kontakt@carreau-mayence.de das Bild wird dann sofort aus der Galerie gel\u00f6scht. Danke)<\/span><\/p>\n<p>\u00a0<\/p>\n<p><a href=\"https:\/\/photos.app.goo.gl\/pB7gzpYxoPJBvWyq6\"><img loading=\"lazy\" decoding=\"async\" class=\"alignnone wp-image-1975\" src=\"https:\/\/carreau-mayence.de\/wp-content\/uploads\/2022\/04\/IMG-20220401-WA0005_klein.jpg\" alt=\"\" width=\"50\" height=\"37\" srcset=\"https:\/\/carreau-mayence.de\/wp-content\/uploads\/2022\/04\/IMG-20220401-WA0005_klein.jpg 300w, https:\/\/carreau-mayence.de\/wp-content\/uploads\/2022\/04\/IMG-20220401-WA0005_klein-170x127.jpg 170w, https:\/\/carreau-mayence.de\/wp-content\/uploads\/2022\/04\/IMG-20220401-WA0005_klein-120x90.jpg 120w\" sizes=\"auto, (max-width: 50px) 100vw, 50px\" \/><\/a> M\u00e4rz 2022: Training mit Peter Weise im Volkspark<\/p>\n<p><a href=\"https:\/\/photos.app.goo.gl\/pbdFFKzi3KFBDoGZ8\"><img decoding=\"async\" src=\"https:\/\/carreau-mayence.de\/\/wp-content\/uploads\/Bilder\/2020\/vm2020_20200823\/pccm_vm2020_19.JPG\" alt=\"\" width=\"50\" align=\"middle\" \/><\/a> 23.08.2020: PCCM Vereinsmeisterschaft 2020 Supermel\u00e9e<\/p>\n<p><a href=\"https:\/\/photos.app.goo.gl\/2tJ1yQkLKTLGVKHk8\"><img decoding=\"async\" src=\"https:\/\/carreau-mayence.de\/\/wp-content\/uploads\/Bilder\/2019\/ingelh_sm_20191020\/20191020_181223_klein.jpg\" alt=\"\" width=\"50\" align=\"middle\" \/><\/a> 20.10.2019: Ingelheim Supermel\u00e9e<\/p>\n<p><a href=\"https:\/\/photos.app.goo.gl\/hnDChwUKeK8bUjgP6\"><img decoding=\"async\" src=\"https:\/\/carreau-mayence.de\/\/wp-content\/uploads\/Bilder\/2019\/floers-dalsh_20191003\/floersh-dalsh_20191003_06_klein.jpg\" alt=\"\" width=\"50\" align=\"middle\" \/><\/a> 03.10.2019: Einheitsturnier in Fl\u00f6rsheim-Dalsheim<\/p>\n<p><a href=\"https:\/\/photos.app.goo.gl\/BciJ7upUVPs7HL6D6?key=aDBUNW5ZZnpoVWFVYmEwQXJ2cUhnT0xPOUxpMVJB?key=MVNDNkt5dEE5Sm9rbC1uTWx3NkxXQ0dzVXNjTTB3\" target=\"_blank\" rel=\"noopener noreferrer\"><img decoding=\"async\" src=\"https:\/\/carreau-mayence.de\/\/wp-content\/uploads\/Bilder\/2019\/Liga_pccm2\/pccm2_liga_20190831_30_klein.jpg\" alt=\"\" width=\"50\" align=\"middle\" \/><\/a> 31.08.2019: PCCM-2 Ligaspieltag Bezirksliga Rhein-Nahe<\/p>\n<p><a href=\"https:\/\/photos.google.com\/share\/AF1QipNu0LmUzWKm-_ns26489epWFiKOVBN4Ybxhqa5mLQv-7K19ofx-Ssdlxmhsx73R2g?key=aDBUNW5ZZnpoVWFVYmEwQXJ2cUhnT0xPOUxpMVJB?key=MVNDNkt5dEE5Sm9rbC1uTWx3NkxXQ0dzVXNjTTB3\" target=\"_blank\" rel=\"noopener noreferrer\"><img decoding=\"async\" src=\"https:\/\/carreau-mayence.de\/\/wp-content\/uploads\/Bilder\/2019\/quali55+\/quali55+_20190818_04_klein.jpg\" alt=\"\" width=\"50\" align=\"middle\" \/><\/a> 18.09.2019: Rhl-Pf-Quali zur DM &#8222;Triplette 55+&#8220; in Schweighofen<\/p>\n<p><a href=\"https:\/\/photos.google.com\/share\/AF1QipOQOfpPBY_qyRwbJMmD3Dtu4xihgiyGMUcjsdaPwTsQ6W51mBlzpmRGnoJc-B_rvQ?key=MVNDNkt5dEE5Sm9rbC1uTWx3NkxXQ0dzVXNjTTB3\" target=\"_blank\" rel=\"noopener noreferrer\"><img decoding=\"async\" src=\"https:\/\/carreau-mayence.de\/wp-content\/uploads\/2019\/06\/pccm2_liga_20190608_02-120x90.jpg\" alt=\"\" width=\"50\" align=\"middle\" \/><\/a> 08. 6. 2019: PCCM-2 Ligaspieltag Bezirksliga Rhein-Nahe<\/p>\n<p><a href=\"https:\/\/photos.google.com\/share\/AF1QipN4m0AB-PZCVbI8FHOKruYKOUK7CPrlqKfcnaO683fdLgH-BE2_DLOp_aD5pg-1aA?key=RjBvSHpWU3dGSHVKRHNBaXhsRjhKb1RtUi1aVEZn\" target=\"_blank\" rel=\"noopener noreferrer\"><img decoding=\"async\" src=\"https:\/\/carreau-mayence.de\/wp-content\/uploads\/2019\/04\/vm2019_20190330_red\/pccm_vm2019_cf_001.jpg\" alt=\"\" width=\"50\" align=\"middle\" \/><\/a> 30. 3. 2019: PCCM Vereinsmeisterschaft 2019<\/p>\n<p><a href=\"https:\/\/photos.app.goo.gl\/zmUG9GA5p9ZXTQAm8\" target=\"_blank\" rel=\"noopener noreferrer\"><img decoding=\"async\" src=\"https:\/\/carreau-mayence.de\/wp-content\/uploads\/2019\/04\/20190413_155946-170x227.jpg\" alt=\"\" width=\"50\" align=\"middle\" \/><\/a> 13. 4. 2019: PCCM 1+2: 2. bzw. 1. Spieltag in Regional- und Bezirksliga<\/p>\n<p><a href=\"https:\/\/photos.app.goo.gl\/5H7Twr55s4snRxeo8\" target=\"_blank\" rel=\"noopener noreferrer\"><img decoding=\"async\" src=\"https:\/\/carreau-mayence.de\/wp-content\/uploads\/2019\/04\/PCCM1.jpg\" alt=\"\" width=\"50\" align=\"middle\" \/><\/a> \u00a06. 4. 2019: PCCM 1: 1. Spieltag in der Regionalliga<\/p>\n<p><a href=\"https:\/\/photos.app.goo.gl\/8hD67auBZEv4XNRN7\" target=\"_blank\" rel=\"noopener noreferrer\"><img decoding=\"async\" src=\"https:\/\/carreau-mayence.de\/wp-content\/uploads\/2019\/04\/Eisstockschiessen-kl.jpg\" alt=\"\" width=\"50\" align=\"middle\" \/><\/a> \u00a0 18. 1. 2019: Eisstockschie\u00dfen auf der Laubenheimer H\u00f6he<\/p>\n<p><a href=\"https:\/\/photos.app.goo.gl\/6BYYomtZBn5QZ7BX8\" target=\"_blank\" rel=\"noopener noreferrer\"><img decoding=\"async\" src=\"https:\/\/carreau-mayence.de\/wp-content\/uploads\/Bilder\/2018\/kl\/20181020_170643.jpg\" alt=\"\" width=\"50\" align=\"middle\" \/><\/a> \u00a0 \u00a0 20. 10. 2018: Vereinsausflug zur Grillh\u00fctte Ockenheim<\/p>\n<p><a href=\"https:\/\/photos.app.goo.gl\/1rgxbvMtE88sbH3j9\" target=\"_blank\" rel=\"noopener noreferrer\"><img decoding=\"async\" src=\"https:\/\/carreau-mayence.de\/wp-content\/uploads\/2018\/11\/Pokal_Meisterschaft15-e1541944238415-224x300.jpg\" alt=\"\" width=\"50\" align=\"middle\" \/><\/a>\u00a0 Liga 2015 und 2018: Meisterschaft und beste\/r Spieler\/in<\/p>\n<p><a href=\"https:\/\/photos.app.goo.gl\/BR3dGPteB8SgqBdL7\" target=\"_blank\" rel=\"noopener noreferrer\"><img decoding=\"async\" src=\"https:\/\/carreau-mayence.de\/wp-content\/uploads\/2018\/11\/gruppe-kl-300x225.jpg\" alt=\"\" width=\"50\" align=\"middle\" \/><\/a>\u00a0 Kurse 2011-2015: Kinder, Senioren, Uni, Firmen <i>[wird erg\u00e4nzt]<\/i><\/p>\n<p><a href=\"https:\/\/photos.app.goo.gl\/iJkAkCAW1F5x4ybJ6\" target=\"_blank\" rel=\"noopener noreferrer\"><img decoding=\"async\" src=\"https:\/\/carreau-mayence.de\/wp-content\/uploads\/2018\/11\/181AE81E_4-300x225.jpg\" alt=\"\" width=\"50\" align=\"middle\" \/><\/a>\u00a0\u00a019. 9. 2015: 20-j\u00e4hriges Jubil\u00e4um des PCCM<\/p>\n<p><a href=\"https:\/\/photos.app.goo.gl\/UxzLigH6yoykz7rs9\" target=\"_blank\" rel=\"noopener noreferrer\"><img decoding=\"async\" src=\"https:\/\/carreau-mayence.de\/wp-content\/uploads\/2018\/11\/fanny-hindernisse-kl-300x169.jpg\" alt=\"\" width=\"50\" align=\"middle\" \/><\/a>\u00a0\u00a0 9. 11. 2014: Fa\/unny-Turnier mit Hindernissen, falscher Hand etc.<\/p>\n<p><a href=\"https:\/\/photos.app.goo.gl\/kHUNRaacuonNdFx17\" target=\"_blank\" rel=\"noopener noreferrer\"><img decoding=\"async\" src=\"https:\/\/carreau-mayence.de\/wp-content\/uploads\/2018\/11\/ausflug1-kl.jpg\" alt=\"\" width=\"50\" align=\"middle\" \/><\/a>\u00a0 5. 10. 2014: Vereinsausflug an den Rhein<\/p>\n<p><a href=\"https:\/\/photos.app.goo.gl\/7THNUvhgjUUazZud7\" target=\"_blank\" rel=\"noopener noreferrer\"><img decoding=\"async\" src=\"https:\/\/carreau-mayence.de\/wp-content\/uploads\/2018\/11\/12.jpg\" alt=\"\" width=\"50\" align=\"middle\" \/><\/a>\u00a0 16. 4. 2014: 4. Ziegeleiturnier<\/p>\n<p><a href=\"https:\/\/photos.app.goo.gl\/MgLmAEAR4gj7ekjK6\" target=\"_blank\" rel=\"noopener noreferrer\"><img decoding=\"async\" src=\"https:\/\/carreau-mayence.de\/wp-content\/uploads\/2018\/11\/20140330_142228-FILEminimizer.jpg\" alt=\"\" width=\"50\" align=\"middle\" \/><\/a> M\u00e4rz 2014: Umzug in den Volkspark<\/p>\n<p><a href=\"https:\/\/photos.app.goo.gl\/nwWtFjXKSKT2Hf9z7\" target=\"_blank\" rel=\"noopener noreferrer\"><img decoding=\"async\" src=\"https:\/\/carreau-mayence.de\/wp-content\/uploads\/2018\/11\/ro_ben.jpg\" alt=\"\" width=\"50\" align=\"middle\" \/><\/a>\u00a0 21. 9. 2013: Vereinsausflug zum Hofgut Langenau<\/p>\n<p><a href=\"https:\/\/photos.app.goo.gl\/mAdwBH4bPVJyWKN88\" target=\"_blank\" rel=\"noopener noreferrer\"><img decoding=\"async\" src=\"https:\/\/carreau-mayence.de\/wp-content\/uploads\/2018\/11\/triptett1-kl.jpg\" alt=\"\" width=\"50\" align=\"middle\" \/><\/a>\u00a0\u00a0 August 2013: Triptett (eines von vielen \u2026) <em>[folgt]<\/em><\/p>\n<p><a href=\"https:\/\/photos.app.goo.gl\/EiS6zUyuiG59cMvU7\" target=\"_blank\" rel=\"noopener noreferrer\"><img decoding=\"async\" src=\"https:\/\/carreau-mayence.de\/wp-content\/uploads\/2018\/11\/P1060078-kl.jpg\" alt=\"\" width=\"50\" align=\"middle\" \/><\/a>\u00a0 24. 3. 2013: 3. Ziegeleiturnier<\/p>\n<p><a href=\"https:\/\/photos.app.goo.gl\/RBkSUazCo6fexLMm9\" target=\"_blank\" rel=\"noopener noreferrer\"><img decoding=\"async\" src=\"https:\/\/carreau-mayence.de\/wp-content\/uploads\/2018\/11\/vm4-kl.jpg\" alt=\"\" width=\"50\" align=\"middle\" \/><\/a>\u00a0 Oktober 2012: Vereinsmeisterschaft<\/p>\n<p><a href=\"https:\/\/photos.app.goo.gl\/FWTnreBTHreuSJmj9\" target=\"_blank\" rel=\"noopener noreferrer\"><img decoding=\"async\" src=\"https:\/\/carreau-mayence.de\/wp-content\/uploads\/2018\/11\/birkenwaeldchen-kl.jpg\" alt=\"\" width=\"50\" align=\"middle\" \/><\/a>\u00a0 25. 3. 2012: 2. Ziegeleiturnier<\/p>\n<p><a href=\"https:\/\/photos.app.goo.gl\/iaWkme3b55mDCKSj8\" target=\"_blank\" rel=\"noopener noreferrer\"><img decoding=\"async\" src=\"https:\/\/carreau-mayence.de\/wp-content\/uploads\/2018\/11\/eis2-kl.jpg\" alt=\"\" width=\"50\" align=\"middle\" \/><\/a>\u00a0 Januar 2013: Eisstockschie\u00dfen<\/p>\n<p><a href=\"https:\/\/photos.app.goo.gl\/7THNUvhgjUUazZud7\" target=\"_blank\" rel=\"noopener noreferrer\"><img loading=\"lazy\" decoding=\"async\" src=\"https:\/\/carreau-mayence.de\/wp-content\/uploads\/2018\/11\/ziegelei2011-galerie-mini.jpg\" alt=\"\" width=\"50\" height=\"65\" align=\"middle\" \/><\/a>\u00a0\u00a0 4. 2011: 1. Ziegeleiturnier<\/p>\n<p><a href=\"https:\/\/photos.app.goo.gl\/jKz3csTSruDUVFpP8\" target=\"_blank\" rel=\"noopener noreferrer\"><img decoding=\"async\" src=\"https:\/\/carreau-mayence.de\/wp-content\/uploads\/2018\/11\/adscn2096-150x150.jpg\" alt=\"\" width=\"50\" align=\"middle\" \/><\/a>\u00a0\u00a0 2. 1. 2011: Miniturnier in der Ziegelei <em>[folgt]<\/em><\/p>\n<p>Alle Fotos, die zwischen 2015 und 2018 sowie vor 2011 direkt auf die Homepage hochgeladen wurden (und nicht in bestimmte Ordner auf dem Server), sind leider verloren. Das gilt z.B. f\u00fcr alle Fotos vom Windm\u00fchlenplatz, die Zitadellenturniere oder den Boulodrom-Bau 2010. Schade, aber nicht zu \u00e4ndern.<\/p>\n<p>Sollte jemand noch Fotos von damals haben, bitte mir (Eva) schicken.<\/p>\n<p>\u00a0<\/p>","protected":false},"excerpt":{"rendered":"<p>08.07.2023 letzter Ligatag von PCCM 2 im Volkspark Vereinsgeschichte in Bildern Mit der Galerie soll unsere Vereinsgeschichte auch optisch dokumentiert werden. Deshalb werden nicht nur die neuen Fotos eingestellt: Eine&hellip;<\/p>\n","protected":false},"author":5,"featured_media":0,"parent":19,"menu_order":0,"comment_status":"closed","ping_status":"closed","template":"","meta":{"_bbp_topic_count":0,"_bbp_reply_count":0,"_bbp_total_topic_count":0,"_bbp_total_reply_count":0,"_bbp_voice_count":0,"_bbp_anonymous_reply_count":0,"_bbp_topic_count_hidden":0,"_bbp_reply_count_hidden":0,"_bbp_forum_subforum_count":0,"footnotes":""},"class_list":["post-290","page","type-page","status-publish","hentry"],"jetpack_sharing_enabled":true,"_links":{"self":[{"href":"https:\/\/carreau-mayence.de\/index.php?rest_route=\/wp\/v2\/pages\/290","targetHints":{"allow":["GET"]}}],"collection":[{"href":"https:\/\/carreau-mayence.de\/index.php?rest_route=\/wp\/v2\/pages"}],"about":[{"href":"https:\/\/carreau-mayence.de\/index.php?rest_route=\/wp\/v2\/types\/page"}],"author":[{"embeddable":true,"href":"https:\/\/carreau-mayence.de\/index.php?rest_route=\/wp\/v2\/users\/5"}],"replies":[{"embeddable":true,"href":"https:\/\/carreau-mayence.de\/index.php?rest_route=%2Fwp%2Fv2%2Fcomments&post=290"}],"version-history":[{"count":70,"href":"https:\/\/carreau-mayence.de\/index.php?rest_route=\/wp\/v2\/pages\/290\/revisions"}],"predecessor-version":[{"id":2959,"href":"https:\/\/carreau-mayence.de\/index.php?rest_route=\/wp\/v2\/pages\/290\/revisions\/2959"}],"up":[{"embeddable":true,"href":"https:\/\/carreau-mayence.de\/index.php?rest_route=\/wp\/v2\/pages\/19"}],"wp:attachment":[{"href":"https:\/\/carreau-mayence.de\/index.php?rest_route=%2Fwp%2Fv2%2Fmedia&parent=290"}],"curies":[{"name":"wp","href":"https:\/\/api.w.org\/{rel}","templated":true}]}}